

{"id":69102,"date":"2021-05-24T13:17:33","date_gmt":"2021-05-24T11:17:33","guid":{"rendered":"https:\/\/www.mundoprimaria.com\/tienda\/?post_type=product&#038;p=69102"},"modified":"2024-03-01T09:18:58","modified_gmt":"2024-03-01T08:18:58","slug":"vacaciones-4","status":"publish","type":"product","link":"https:\/\/www.mundoprimaria.com\/tienda\/producto\/vacaciones-4","title":{"rendered":"Estimular y aprender en vacaciones 4 a\u00f1os"},"content":{"rendered":"<h3><strong>Destinatarios<\/strong><\/h3>\n<ul>\n<li>El cuaderno est\u00e1 dise\u00f1ado principalmente para las familias de ni\u00f1os que han concluido el segundo curso de Educaci\u00f3n Infantil, 4 a\u00f1os.<\/li>\n<li>Tambi\u00e9n puede emplearse con ni\u00f1os de m\u00e1s edad si los contenidos se adaptan mejor a sus necesidades educativas.<\/li>\n<\/ul>\n<h3><strong>Qu\u00e9 aspectos se trabajan<\/strong><\/h3>\n<ul>\n<li>La atenci\u00f3n.<\/li>\n<li>El razonamiento l\u00f3gico.<\/li>\n<li>La orientaci\u00f3n espacial.<\/li>\n<li>La velocidad de denominaci\u00f3n.<\/li>\n<li>La conciencia fonol\u00f3gica.<\/li>\n<li>Lectura y comprensi\u00f3n de palabras.<\/li>\n<li>La numeraci\u00f3n del 1 al 5.<\/li>\n<li>Trazos b\u00e1sicos de nuestro sistema de escritura.<\/li>\n<\/ul>\n<h3><strong>Fichas y tareas<\/strong><\/h3>\n<ul>\n<li>60 fichas preparadas para ser utilizadas.<\/li>\n<li>Atenci\u00f3n auditiva, atenci\u00f3n selectiva visual, seguir senderos o encontrar dibujos repetidos.<\/li>\n<li>Seguimiento de series l\u00f3gicas.<\/li>\n<li>Razonamiento completando matrices de dibujos.<\/li>\n<li>Asociar dibujos con alguna similitud l\u00f3gica y se\u00f1alar el dibujo que se excluye en un conjunto.<\/li>\n<li>Tareas RAN de velocidad de denominaci\u00f3n.<\/li>\n<li>Conciencia fonol\u00f3gica, discriminaci\u00f3n auditiva y visual.<\/li>\n<li>Lectura y comprensi\u00f3n de palabras.<\/li>\n<li>Tareas de figura fondo, estructuraci\u00f3n espacial o reproducir construcciones con palitos de colores.<\/li>\n<li>Numeraci\u00f3n del 1 al 5: asociar d\u00edgito a cantidad, completar tablas, asociar conjuntos o rodear dibujos.<\/li>\n<li>Trazos b\u00e1sicos y su aplicaci\u00f3n a las letras y n\u00fameros.<\/li>\n<\/ul>\n","protected":false},"excerpt":{"rendered":"<p><strong>Nuestro hijo \u00c1lvaro tiene 4 a\u00f1os y ha terminado 2\u00ba de Educaci\u00f3n Infantil. La maestra nos ha recomendado trabajar estas vacaciones un poco de todo, pero especialmente la atenci\u00f3n, el razonamiento, la conciencia fonol\u00f3gica y la preparaci\u00f3n a la lectura. Nos ha recomendado estos cuadernos de vacaciones que han sido dise\u00f1ados por un pedagogo. <\/strong><\/p>\n<p>En este cuaderno encontrar\u00e1s actividades variadas y diferentes para que los ni\u00f1os del 2\u00ba a\u00f1o de Educaci\u00f3n Infantil puedan reforzar durante las vacaciones, algunas competencias y funciones cognitivas que han trabajado durante el curso. Todo ello le vendr\u00e1 bien para afrontar el \u00faltimo curso de Educaci\u00f3n Infantil.<\/p>\n","protected":false},"featured_media":69063,"comment_status":"closed","ping_status":"closed","template":"","meta":{"_acf_changed":false,"_monsterinsights_skip_tracking":false,"_monsterinsights_sitenote_active":false,"_monsterinsights_sitenote_note":"","_monsterinsights_sitenote_category":0},"product_cat":[834],"product_tag":[680],"class_list":{"0":"post-69102","1":"product","2":"type-product","3":"status-publish","4":"has-post-thumbnail","6":"product_cat-eya-vacaciones","7":"product_tag-estimular-y-aprender","8":"product_shipping_class-mensajeria","10":"first","11":"instock","12":"taxable","13":"shipping-taxable","14":"purchasable","15":"product-type-simple"},"acf":[],"yoast_head":"<!-- This site is optimized with the Yoast SEO plugin v24.2 - https:\/\/yoast.com\/wordpress\/plugins\/seo\/ -->\n<title>Estimular y aprender en vacaciones 4 a\u00f1os - Tienda Mundo Primaria<\/title>\n<meta name=\"robots\" content=\"noindex, follow\" \/>\n<meta property=\"og:locale\" content=\"es_ES\" \/>\n<meta property=\"og:type\" content=\"article\" \/>\n<meta property=\"og:title\" content=\"Estimular y aprender en vacaciones 4 a\u00f1os - Tienda Mundo Primaria\" \/>\n<meta property=\"og:description\" content=\"Nuestro hijo \u00c1lvaro tiene 4 a\u00f1os y ha terminado 2\u00ba de Educaci\u00f3n Infantil. La maestra nos ha recomendado trabajar estas vacaciones un poco de todo, pero especialmente la atenci\u00f3n, el razonamiento, la conciencia fonol\u00f3gica y la preparaci\u00f3n a la lectura. Nos ha recomendado estos cuadernos de vacaciones que han sido dise\u00f1ados por un pedagogo.   En este cuaderno encontrar\u00e1s actividades variadas y diferentes para que los ni\u00f1os del 2\u00ba a\u00f1o de Educaci\u00f3n Infantil puedan reforzar durante las vacaciones, algunas competencias y funciones cognitivas que han trabajado durante el curso. Todo ello le vendr\u00e1 bien para afrontar el \u00faltimo curso de Educaci\u00f3n Infantil.\" \/>\n<meta property=\"og:url\" content=\"https:\/\/www.mundoprimaria.com\/tienda\/producto\/vacaciones-4\" \/>\n<meta property=\"og:site_name\" content=\"Tienda Mundo Primaria\" \/>\n<meta property=\"article:modified_time\" content=\"2024-03-01T08:18:58+00:00\" \/>\n<meta property=\"og:image\" content=\"https:\/\/www.mundoprimaria.com\/tienda\/wp-content\/uploads\/2021\/05\/min_4.png\" \/>\n\t<meta property=\"og:image:width\" content=\"460\" \/>\n\t<meta property=\"og:image:height\" content=\"460\" \/>\n\t<meta property=\"og:image:type\" content=\"image\/png\" \/>\n<meta name=\"twitter:label1\" content=\"Tiempo de lectura\" \/>\n\t<meta name=\"twitter:data1\" content=\"1 minuto\" \/>\n<script type=\"application\/ld+json\" class=\"yoast-schema-graph\">{\"@context\":\"https:\/\/schema.org\",\"@graph\":[{\"@type\":\"WebPage\",\"@id\":\"https:\/\/www.mundoprimaria.com\/tienda\/producto\/vacaciones-4\",\"url\":\"https:\/\/www.mundoprimaria.com\/tienda\/producto\/vacaciones-4\",\"name\":\"Estimular y aprender en vacaciones 4 a\u00f1os - Tienda Mundo Primaria\",\"isPartOf\":{\"@id\":\"https:\/\/www.mundoprimaria.com\/tienda\/#website\"},\"primaryImageOfPage\":{\"@id\":\"https:\/\/www.mundoprimaria.com\/tienda\/producto\/vacaciones-4#primaryimage\"},\"image\":{\"@id\":\"https:\/\/www.mundoprimaria.com\/tienda\/producto\/vacaciones-4#primaryimage\"},\"thumbnailUrl\":\"https:\/\/www.mundoprimaria.com\/tienda\/wp-content\/uploads\/2021\/05\/min_4.png\",\"datePublished\":\"2021-05-24T11:17:33+00:00\",\"dateModified\":\"2024-03-01T08:18:58+00:00\",\"breadcrumb\":{\"@id\":\"https:\/\/www.mundoprimaria.com\/tienda\/producto\/vacaciones-4#breadcrumb\"},\"inLanguage\":\"es\",\"potentialAction\":[{\"@type\":\"ReadAction\",\"target\":[\"https:\/\/www.mundoprimaria.com\/tienda\/producto\/vacaciones-4\"]}]},{\"@type\":\"ImageObject\",\"inLanguage\":\"es\",\"@id\":\"https:\/\/www.mundoprimaria.com\/tienda\/producto\/vacaciones-4#primaryimage\",\"url\":\"https:\/\/www.mundoprimaria.com\/tienda\/wp-content\/uploads\/2021\/05\/min_4.png\",\"contentUrl\":\"https:\/\/www.mundoprimaria.com\/tienda\/wp-content\/uploads\/2021\/05\/min_4.png\",\"width\":460,\"height\":460},{\"@type\":\"BreadcrumbList\",\"@id\":\"https:\/\/www.mundoprimaria.com\/tienda\/producto\/vacaciones-4#breadcrumb\",\"itemListElement\":[{\"@type\":\"ListItem\",\"position\":1,\"name\":\"Portada\",\"item\":\"https:\/\/www.mundoprimaria.com\/tienda\/\"},{\"@type\":\"ListItem\",\"position\":2,\"name\":\"Productos\",\"item\":\"https:\/\/www.mundoprimaria.com\/tienda\/shop\"},{\"@type\":\"ListItem\",\"position\":3,\"name\":\"Estimular y aprender en vacaciones 4 a\u00f1os\"}]},{\"@type\":\"WebSite\",\"@id\":\"https:\/\/www.mundoprimaria.com\/tienda\/#website\",\"url\":\"https:\/\/www.mundoprimaria.com\/tienda\/\",\"name\":\"Tienda Mundo Primaria\",\"description\":\"El portal para aprender jugando.\",\"potentialAction\":[{\"@type\":\"SearchAction\",\"target\":{\"@type\":\"EntryPoint\",\"urlTemplate\":\"https:\/\/www.mundoprimaria.com\/tienda\/?s={search_term_string}\"},\"query-input\":{\"@type\":\"PropertyValueSpecification\",\"valueRequired\":true,\"valueName\":\"search_term_string\"}}],\"inLanguage\":\"es\"}]}<\/script>\n<!-- \/ Yoast SEO plugin. -->","yoast_head_json":{"title":"Estimular y aprender en vacaciones 4 a\u00f1os - Tienda Mundo Primaria","robots":{"index":"noindex","follow":"follow"},"og_locale":"es_ES","og_type":"article","og_title":"Estimular y aprender en vacaciones 4 a\u00f1os - Tienda Mundo Primaria","og_description":"Nuestro hijo \u00c1lvaro tiene 4 a\u00f1os y ha terminado 2\u00ba de Educaci\u00f3n Infantil. La maestra nos ha recomendado trabajar estas vacaciones un poco de todo, pero especialmente la atenci\u00f3n, el razonamiento, la conciencia fonol\u00f3gica y la preparaci\u00f3n a la lectura. Nos ha recomendado estos cuadernos de vacaciones que han sido dise\u00f1ados por un pedagogo.   En este cuaderno encontrar\u00e1s actividades variadas y diferentes para que los ni\u00f1os del 2\u00ba a\u00f1o de Educaci\u00f3n Infantil puedan reforzar durante las vacaciones, algunas competencias y funciones cognitivas que han trabajado durante el curso. Todo ello le vendr\u00e1 bien para afrontar el \u00faltimo curso de Educaci\u00f3n Infantil.","og_url":"https:\/\/www.mundoprimaria.com\/tienda\/producto\/vacaciones-4","og_site_name":"Tienda Mundo Primaria","article_modified_time":"2024-03-01T08:18:58+00:00","og_image":[{"width":460,"height":460,"url":"https:\/\/www.mundoprimaria.com\/tienda\/wp-content\/uploads\/2021\/05\/min_4.png","type":"image\/png"}],"twitter_misc":{"Tiempo de lectura":"1 minuto"},"schema":{"@context":"https:\/\/schema.org","@graph":[{"@type":"WebPage","@id":"https:\/\/www.mundoprimaria.com\/tienda\/producto\/vacaciones-4","url":"https:\/\/www.mundoprimaria.com\/tienda\/producto\/vacaciones-4","name":"Estimular y aprender en vacaciones 4 a\u00f1os - Tienda Mundo Primaria","isPartOf":{"@id":"https:\/\/www.mundoprimaria.com\/tienda\/#website"},"primaryImageOfPage":{"@id":"https:\/\/www.mundoprimaria.com\/tienda\/producto\/vacaciones-4#primaryimage"},"image":{"@id":"https:\/\/www.mundoprimaria.com\/tienda\/producto\/vacaciones-4#primaryimage"},"thumbnailUrl":"https:\/\/www.mundoprimaria.com\/tienda\/wp-content\/uploads\/2021\/05\/min_4.png","datePublished":"2021-05-24T11:17:33+00:00","dateModified":"2024-03-01T08:18:58+00:00","breadcrumb":{"@id":"https:\/\/www.mundoprimaria.com\/tienda\/producto\/vacaciones-4#breadcrumb"},"inLanguage":"es","potentialAction":[{"@type":"ReadAction","target":["https:\/\/www.mundoprimaria.com\/tienda\/producto\/vacaciones-4"]}]},{"@type":"ImageObject","inLanguage":"es","@id":"https:\/\/www.mundoprimaria.com\/tienda\/producto\/vacaciones-4#primaryimage","url":"https:\/\/www.mundoprimaria.com\/tienda\/wp-content\/uploads\/2021\/05\/min_4.png","contentUrl":"https:\/\/www.mundoprimaria.com\/tienda\/wp-content\/uploads\/2021\/05\/min_4.png","width":460,"height":460},{"@type":"BreadcrumbList","@id":"https:\/\/www.mundoprimaria.com\/tienda\/producto\/vacaciones-4#breadcrumb","itemListElement":[{"@type":"ListItem","position":1,"name":"Portada","item":"https:\/\/www.mundoprimaria.com\/tienda\/"},{"@type":"ListItem","position":2,"name":"Productos","item":"https:\/\/www.mundoprimaria.com\/tienda\/shop"},{"@type":"ListItem","position":3,"name":"Estimular y aprender en vacaciones 4 a\u00f1os"}]},{"@type":"WebSite","@id":"https:\/\/www.mundoprimaria.com\/tienda\/#website","url":"https:\/\/www.mundoprimaria.com\/tienda\/","name":"Tienda Mundo Primaria","description":"El portal para aprender jugando.","potentialAction":[{"@type":"SearchAction","target":{"@type":"EntryPoint","urlTemplate":"https:\/\/www.mundoprimaria.com\/tienda\/?s={search_term_string}"},"query-input":{"@type":"PropertyValueSpecification","valueRequired":true,"valueName":"search_term_string"}}],"inLanguage":"es"}]}},"_links":{"self":[{"href":"https:\/\/www.mundoprimaria.com\/tienda\/wp-json\/wp\/v2\/product\/69102","targetHints":{"allow":["GET"]}}],"collection":[{"href":"https:\/\/www.mundoprimaria.com\/tienda\/wp-json\/wp\/v2\/product"}],"about":[{"href":"https:\/\/www.mundoprimaria.com\/tienda\/wp-json\/wp\/v2\/types\/product"}],"replies":[{"embeddable":true,"href":"https:\/\/www.mundoprimaria.com\/tienda\/wp-json\/wp\/v2\/comments?post=69102"}],"wp:featuredmedia":[{"embeddable":true,"href":"https:\/\/www.mundoprimaria.com\/tienda\/wp-json\/wp\/v2\/media\/69063"}],"wp:attachment":[{"href":"https:\/\/www.mundoprimaria.com\/tienda\/wp-json\/wp\/v2\/media?parent=69102"}],"wp:term":[{"taxonomy":"product_cat","embeddable":true,"href":"https:\/\/www.mundoprimaria.com\/tienda\/wp-json\/wp\/v2\/product_cat?post=69102"},{"taxonomy":"product_tag","embeddable":true,"href":"https:\/\/www.mundoprimaria.com\/tienda\/wp-json\/wp\/v2\/product_tag?post=69102"}],"curies":[{"name":"wp","href":"https:\/\/api.w.org\/{rel}","templated":true}]}}