

{"version":"1.0","provider_name":"Tienda Mundo Primaria","provider_url":"https:\/\/www.mundoprimaria.com\/tienda","title":"Estimular y aprender en vacaciones 4 a\u00f1os - Tienda Mundo Primaria","type":"rich","width":600,"height":338,"html":"<blockquote class=\"wp-embedded-content\" data-secret=\"4uDbu7Wtnt\"><a href=\"https:\/\/www.mundoprimaria.com\/tienda\/producto\/vacaciones-4\">Estimular y aprender en vacaciones 4 a\u00f1os<\/a><\/blockquote><iframe sandbox=\"allow-scripts\" security=\"restricted\" src=\"https:\/\/www.mundoprimaria.com\/tienda\/producto\/vacaciones-4\/embed#?secret=4uDbu7Wtnt\" width=\"600\" height=\"338\" title=\"\u00abEstimular y aprender en vacaciones 4 a\u00f1os\u00bb \u2014 Tienda Mundo Primaria\" data-secret=\"4uDbu7Wtnt\" frameborder=\"0\" marginwidth=\"0\" marginheight=\"0\" scrolling=\"no\" class=\"wp-embedded-content\"><\/iframe><script type=\"text\/javascript\">\n\/* <![CDATA[ *\/\n\/*! This file is auto-generated *\/\n!function(d,l){\"use strict\";l.querySelector&&d.addEventListener&&\"undefined\"!=typeof URL&&(d.wp=d.wp||{},d.wp.receiveEmbedMessage||(d.wp.receiveEmbedMessage=function(e){var t=e.data;if((t||t.secret||t.message||t.value)&&!\/[^a-zA-Z0-9]\/.test(t.secret)){for(var s,r,n,a=l.querySelectorAll('iframe[data-secret=\"'+t.secret+'\"]'),o=l.querySelectorAll('blockquote[data-secret=\"'+t.secret+'\"]'),c=new RegExp(\"^https?:$\",\"i\"),i=0;i<o.length;i++)o[i].style.display=\"none\";for(i=0;i<a.length;i++)s=a[i],e.source===s.contentWindow&&(s.removeAttribute(\"style\"),\"height\"===t.message?(1e3<(r=parseInt(t.value,10))?r=1e3:~~r<200&&(r=200),s.height=r):\"link\"===t.message&&(r=new URL(s.getAttribute(\"src\")),n=new URL(t.value),c.test(n.protocol))&&n.host===r.host&&l.activeElement===s&&(d.top.location.href=t.value))}},d.addEventListener(\"message\",d.wp.receiveEmbedMessage,!1),l.addEventListener(\"DOMContentLoaded\",function(){for(var e,t,s=l.querySelectorAll(\"iframe.wp-embedded-content\"),r=0;r<s.length;r++)(t=(e=s[r]).getAttribute(\"data-secret\"))||(t=Math.random().toString(36).substring(2,12),e.src+=\"#?secret=\"+t,e.setAttribute(\"data-secret\",t)),e.contentWindow.postMessage({message:\"ready\",secret:t},\"*\")},!1)))}(window,document);\n\/\/# sourceURL=https:\/\/www.mundoprimaria.com\/tienda\/wp-includes\/js\/wp-embed.min.js\n\/* ]]> *\/\n<\/script>\n","thumbnail_url":"https:\/\/www.mundoprimaria.com\/tienda\/wp-content\/uploads\/2021\/05\/min_4.png","thumbnail_width":460,"thumbnail_height":460,"description":"Nuestro hijo \u00c1lvaro tiene 4 a\u00f1os y ha terminado 2\u00ba de Educaci\u00f3n Infantil. La maestra nos ha recomendado trabajar estas vacaciones un poco de todo, pero especialmente la atenci\u00f3n, el razonamiento, la conciencia fonol\u00f3gica y la preparaci\u00f3n a la lectura. Nos ha recomendado estos cuadernos de vacaciones que han sido dise\u00f1ados por un pedagogo.   En este cuaderno encontrar\u00e1s actividades variadas y diferentes para que los ni\u00f1os del 2\u00ba a\u00f1o de Educaci\u00f3n Infantil puedan reforzar durante las vacaciones, algunas competencias y funciones cognitivas que han trabajado durante el curso. Todo ello le vendr\u00e1 bien para afrontar el \u00faltimo curso de Educaci\u00f3n Infantil."}